{"id":790,"date":"2025-06-04T04:06:50","date_gmt":"2025-06-04T04:06:50","guid":{"rendered":"https:\/\/herocamper.ro\/?post_type=gear-ad-ons&#038;p=790"},"modified":"2025-06-05T10:17:54","modified_gmt":"2025-06-05T10:17:54","slug":"coperta-plina-pentru-thule","status":"publish","type":"gear-ad-ons","link":"https:\/\/herocamper.ro\/hu\/gear-ad-ons\/coperta-plina-pentru-thule\/","title":{"rendered":"Full Awning for Thule"},"content":{"rendered":"<p>Copertina HeroCamper este conceput\u0103 pentru a v\u0103 extinde spa\u021biul de locuit \u0219i pentru a oferi un ad\u0103post fiabil \u00een orice condi\u021bii meteorologice. Fabricat din materiale durabile, de \u00eenalt\u0103 calitate, ofer\u0103 o zon\u0103 \u00een aer liber confortabil\u0103 \u0219i protejat\u0103, unde v\u0103 pute\u021bi relaxa, lua masa sau depozita echipamentul. Cu designul s\u0103u elegant \u0219i construc\u021bia solid\u0103, copertina creeaz\u0103 o tranzi\u021bie f\u0103r\u0103 probleme \u00eentre rulota dvs. \u0219i exteriorul.<\/p>\n\n\n\n<p>Este rapid \u0219i u\u0219or de configurat \u0219i ofer\u0103 detalii practice, cum ar fi op\u021biuni de ventila\u021bie \u0219i fermoare puternice, f\u0103c\u00e2ndu-l ideal pentru utilizare pe tot parcursul sezonului de camping. Indiferent dac\u0103 campezi \u00een soarele de prim\u0103var\u0103 sau \u00een v\u00e2nt de toamn\u0103, copertina HeroCamper adaug\u0103 confort, protec\u021bie \u0219i un sentiment de cas\u0103 aventurilor tale \u00een aer liber.<\/p>","protected":false},"featured_media":863,"parent":0,"template":"","meta":{"_acf_changed":false,"inline_featured_image":false},"categories":[],"tags":[],"class_list":["post-790","gear-ad-ons","type-gear-ad-ons","status-publish","has-post-thumbnail","hentry"],"acf":[],"yoast_head":"<!-- This site is optimized with the Yoast SEO plugin v27.5 - https:\/\/yoast.com\/product\/yoast-seo-wordpress\/ -->\n<title>Copertina complet\u0103 pentru Thule | Corturi \u0219i ad\u0103posturi | HeroCamper<\/title>\n<meta name=\"description\" content=\"Copertina complet\u0103 pentru Thule \u2013 Copertina HeroCamper este conceput\u0103 pentru a v\u0103 extinde spa\u021biul de locuit \u0219i pentru a oferi un ad\u0103post de \u00eencredere \u00een toate condi\u021biile meteorologice. Fabricat din\" \/>\n<meta name=\"robots\" content=\"noindex, follow\" \/>\n<meta property=\"og:locale\" content=\"hu_HU\" \/>\n<meta property=\"og:type\" content=\"article\" \/>\n<meta property=\"og:title\" content=\"Copertina complet\u0103 pentru Thule | Corturi \u0219i ad\u0103posturi | HeroCamper\" \/>\n<meta property=\"og:description\" content=\"Copertina complet\u0103 pentru Thule \u2013 Copertina HeroCamper este conceput\u0103 pentru a v\u0103 extinde spa\u021biul de locuit \u0219i pentru a oferi un ad\u0103post de \u00eencredere \u00een toate condi\u021biile meteorologice. Fabricat din\" \/>\n<meta property=\"og:url\" content=\"https:\/\/herocamper.ro\/hu\/gear-ad-ons\/coperta-plina-pentru-thule\/\" \/>\n<meta property=\"og:site_name\" content=\"Hero Camper Rom\u00e2nia\" \/>\n<meta property=\"article:publisher\" content=\"https:\/\/www.facebook.com\/share\/19vh533LfP\/?mibextid=wwXIfr\" \/>\n<meta property=\"article:modified_time\" content=\"2025-06-05T10:17:54+00:00\" \/>\n<meta property=\"og:image\" content=\"https:\/\/herocamper.ro\/wp-content\/uploads\/2025\/06\/FullAwning.webp\" \/>\n\t<meta property=\"og:image:width\" content=\"800\" \/>\n\t<meta property=\"og:image:height\" content=\"800\" \/>\n\t<meta property=\"og:image:type\" content=\"image\/webp\" \/>\n<meta name=\"twitter:card\" content=\"summary_large_image\" \/>\n<meta name=\"twitter:label1\" content=\"Becs\u00fclt olvas\u00e1si id\u0151\" \/>\n\t<meta name=\"twitter:data1\" content=\"1 perc\" \/>\n<script type=\"application\/ld+json\" class=\"yoast-schema-graph\">{\"@context\":\"https:\\\/\\\/schema.org\",\"@graph\":[{\"@type\":\"WebPage\",\"@id\":\"https:\\\/\\\/herocamper.ro\\\/gear-ad-ons\\\/coperta-plina-pentru-thule\\\/\",\"url\":\"https:\\\/\\\/herocamper.ro\\\/gear-ad-ons\\\/coperta-plina-pentru-thule\\\/\",\"name\":\"Copertina complet\u0103 pentru Thule | Corturi \u0219i ad\u0103posturi | HeroCamper\",\"isPartOf\":{\"@id\":\"https:\\\/\\\/herocamper.ro\\\/#website\"},\"primaryImageOfPage\":{\"@id\":\"https:\\\/\\\/herocamper.ro\\\/gear-ad-ons\\\/coperta-plina-pentru-thule\\\/#primaryimage\"},\"image\":{\"@id\":\"https:\\\/\\\/herocamper.ro\\\/gear-ad-ons\\\/coperta-plina-pentru-thule\\\/#primaryimage\"},\"thumbnailUrl\":\"https:\\\/\\\/herocamper.ro\\\/wp-content\\\/uploads\\\/2025\\\/06\\\/FullAwning.webp\",\"datePublished\":\"2025-06-04T04:06:50+00:00\",\"dateModified\":\"2025-06-05T10:17:54+00:00\",\"description\":\"Copertina complet\u0103 pentru Thule \u2013 Copertina HeroCamper este conceput\u0103 pentru a v\u0103 extinde spa\u021biul de locuit \u0219i pentru a oferi un ad\u0103post de \u00eencredere \u00een toate condi\u021biile meteorologice. Fabricat din\",\"breadcrumb\":{\"@id\":\"https:\\\/\\\/herocamper.ro\\\/gear-ad-ons\\\/coperta-plina-pentru-thule\\\/#breadcrumb\"},\"inLanguage\":\"hu\",\"potentialAction\":[{\"@type\":\"ReadAction\",\"target\":[\"https:\\\/\\\/herocamper.ro\\\/gear-ad-ons\\\/coperta-plina-pentru-thule\\\/\"]}]},{\"@type\":\"ImageObject\",\"inLanguage\":\"hu\",\"@id\":\"https:\\\/\\\/herocamper.ro\\\/gear-ad-ons\\\/coperta-plina-pentru-thule\\\/#primaryimage\",\"url\":\"https:\\\/\\\/herocamper.ro\\\/wp-content\\\/uploads\\\/2025\\\/06\\\/FullAwning.webp\",\"contentUrl\":\"https:\\\/\\\/herocamper.ro\\\/wp-content\\\/uploads\\\/2025\\\/06\\\/FullAwning.webp\",\"width\":800,\"height\":800,\"caption\":\"Full Awning for Thule \u2013 vede\u021bi detaliat\u0103 a produsului montat sau utilizat\"},{\"@type\":\"BreadcrumbList\",\"@id\":\"https:\\\/\\\/herocamper.ro\\\/gear-ad-ons\\\/coperta-plina-pentru-thule\\\/#breadcrumb\",\"itemListElement\":[{\"@type\":\"ListItem\",\"position\":1,\"name\":\"Home\",\"item\":\"https:\\\/\\\/herocamper.ro\\\/\"},{\"@type\":\"ListItem\",\"position\":2,\"name\":\"Full Awning for Thule\"}]},{\"@type\":\"WebSite\",\"@id\":\"https:\\\/\\\/herocamper.ro\\\/#website\",\"url\":\"https:\\\/\\\/herocamper.ro\\\/\",\"name\":\"Hero Camper Rom\u00e2nia\",\"description\":\"Campeaz\u0103 ca un erou \u00een natura m\u0103rea\u021b\u0103 a Rom\u00e2niei\",\"publisher\":{\"@id\":\"https:\\\/\\\/herocamper.ro\\\/#organization\"},\"potentialAction\":[{\"@type\":\"SearchAction\",\"target\":{\"@type\":\"EntryPoint\",\"urlTemplate\":\"https:\\\/\\\/herocamper.ro\\\/?s={search_term_string}\"},\"query-input\":{\"@type\":\"PropertyValueSpecification\",\"valueRequired\":true,\"valueName\":\"search_term_string\"}}],\"inLanguage\":\"hu\"},{\"@type\":\"Organization\",\"@id\":\"https:\\\/\\\/herocamper.ro\\\/#organization\",\"name\":\"Hero Camper Rom\u00e2nia\",\"url\":\"https:\\\/\\\/herocamper.ro\\\/\",\"logo\":{\"@type\":\"ImageObject\",\"inLanguage\":\"hu\",\"@id\":\"https:\\\/\\\/herocamper.ro\\\/#\\\/schema\\\/logo\\\/image\\\/\",\"url\":\"https:\\\/\\\/herocamper.ro\\\/wp-content\\\/uploads\\\/2025\\\/05\\\/Hero-Camper-Icon.svg\",\"contentUrl\":\"https:\\\/\\\/herocamper.ro\\\/wp-content\\\/uploads\\\/2025\\\/05\\\/Hero-Camper-Icon.svg\",\"width\":100,\"height\":100,\"caption\":\"Hero Camper Rom\u00e2nia\"},\"image\":{\"@id\":\"https:\\\/\\\/herocamper.ro\\\/#\\\/schema\\\/logo\\\/image\\\/\"},\"sameAs\":[\"https:\\\/\\\/www.facebook.com\\\/share\\\/19vh533LfP\\\/?mibextid=wwXIfr\"]}]}<\/script>\n<!-- \/ Yoast SEO plugin. -->","yoast_head_json":{"title":"Copertina complet\u0103 pentru Thule | Corturi \u0219i ad\u0103posturi | HeroCamper","description":"Copertina complet\u0103 pentru Thule \u2013 Copertina HeroCamper este conceput\u0103 pentru a v\u0103 extinde spa\u021biul de locuit \u0219i pentru a oferi un ad\u0103post de \u00eencredere \u00een toate condi\u021biile meteorologice. Fabricat din","robots":{"index":"noindex","follow":"follow"},"og_locale":"hu_HU","og_type":"article","og_title":"Copertina complet\u0103 pentru Thule | Corturi \u0219i ad\u0103posturi | HeroCamper","og_description":"Copertina complet\u0103 pentru Thule \u2013 Copertina HeroCamper este conceput\u0103 pentru a v\u0103 extinde spa\u021biul de locuit \u0219i pentru a oferi un ad\u0103post de \u00eencredere \u00een toate condi\u021biile meteorologice. Fabricat din","og_url":"https:\/\/herocamper.ro\/hu\/gear-ad-ons\/coperta-plina-pentru-thule\/","og_site_name":"Hero Camper Rom\u00e2nia","article_publisher":"https:\/\/www.facebook.com\/share\/19vh533LfP\/?mibextid=wwXIfr","article_modified_time":"2025-06-05T10:17:54+00:00","og_image":[{"width":800,"height":800,"url":"https:\/\/herocamper.ro\/wp-content\/uploads\/2025\/06\/FullAwning.webp","type":"image\/webp"}],"twitter_card":"summary_large_image","twitter_misc":{"Becs\u00fclt olvas\u00e1si id\u0151":"1 perc"},"schema":{"@context":"https:\/\/schema.org","@graph":[{"@type":"WebPage","@id":"https:\/\/herocamper.ro\/gear-ad-ons\/coperta-plina-pentru-thule\/","url":"https:\/\/herocamper.ro\/gear-ad-ons\/coperta-plina-pentru-thule\/","name":"Copertina complet\u0103 pentru Thule | Corturi \u0219i ad\u0103posturi | HeroCamper","isPartOf":{"@id":"https:\/\/herocamper.ro\/#website"},"primaryImageOfPage":{"@id":"https:\/\/herocamper.ro\/gear-ad-ons\/coperta-plina-pentru-thule\/#primaryimage"},"image":{"@id":"https:\/\/herocamper.ro\/gear-ad-ons\/coperta-plina-pentru-thule\/#primaryimage"},"thumbnailUrl":"https:\/\/herocamper.ro\/wp-content\/uploads\/2025\/06\/FullAwning.webp","datePublished":"2025-06-04T04:06:50+00:00","dateModified":"2025-06-05T10:17:54+00:00","description":"Copertina complet\u0103 pentru Thule \u2013 Copertina HeroCamper este conceput\u0103 pentru a v\u0103 extinde spa\u021biul de locuit \u0219i pentru a oferi un ad\u0103post de \u00eencredere \u00een toate condi\u021biile meteorologice. Fabricat din","breadcrumb":{"@id":"https:\/\/herocamper.ro\/gear-ad-ons\/coperta-plina-pentru-thule\/#breadcrumb"},"inLanguage":"hu","potentialAction":[{"@type":"ReadAction","target":["https:\/\/herocamper.ro\/gear-ad-ons\/coperta-plina-pentru-thule\/"]}]},{"@type":"ImageObject","inLanguage":"hu","@id":"https:\/\/herocamper.ro\/gear-ad-ons\/coperta-plina-pentru-thule\/#primaryimage","url":"https:\/\/herocamper.ro\/wp-content\/uploads\/2025\/06\/FullAwning.webp","contentUrl":"https:\/\/herocamper.ro\/wp-content\/uploads\/2025\/06\/FullAwning.webp","width":800,"height":800,"caption":"Full Awning for Thule \u2013 vede\u021bi detaliat\u0103 a produsului montat sau utilizat"},{"@type":"BreadcrumbList","@id":"https:\/\/herocamper.ro\/gear-ad-ons\/coperta-plina-pentru-thule\/#breadcrumb","itemListElement":[{"@type":"ListItem","position":1,"name":"Home","item":"https:\/\/herocamper.ro\/"},{"@type":"ListItem","position":2,"name":"Full Awning for Thule"}]},{"@type":"WebSite","@id":"https:\/\/herocamper.ro\/#website","url":"https:\/\/herocamper.ro\/","name":"Hero Camper Rom\u00e2nia","description":"Campeaz\u0103 ca un erou \u00een natura m\u0103rea\u021b\u0103 a Rom\u00e2niei","publisher":{"@id":"https:\/\/herocamper.ro\/#organization"},"potentialAction":[{"@type":"SearchAction","target":{"@type":"EntryPoint","urlTemplate":"https:\/\/herocamper.ro\/?s={search_term_string}"},"query-input":{"@type":"PropertyValueSpecification","valueRequired":true,"valueName":"search_term_string"}}],"inLanguage":"hu"},{"@type":"Organization","@id":"https:\/\/herocamper.ro\/#organization","name":"Hero Camper Rom\u00e2nia","url":"https:\/\/herocamper.ro\/","logo":{"@type":"ImageObject","inLanguage":"hu","@id":"https:\/\/herocamper.ro\/#\/schema\/logo\/image\/","url":"https:\/\/herocamper.ro\/wp-content\/uploads\/2025\/05\/Hero-Camper-Icon.svg","contentUrl":"https:\/\/herocamper.ro\/wp-content\/uploads\/2025\/05\/Hero-Camper-Icon.svg","width":100,"height":100,"caption":"Hero Camper Rom\u00e2nia"},"image":{"@id":"https:\/\/herocamper.ro\/#\/schema\/logo\/image\/"},"sameAs":["https:\/\/www.facebook.com\/share\/19vh533LfP\/?mibextid=wwXIfr"]}]}},"_links":{"self":[{"href":"https:\/\/herocamper.ro\/hu\/wp-json\/wp\/v2\/gear-ad-ons\/790","targetHints":{"allow":["GET"]}}],"collection":[{"href":"https:\/\/herocamper.ro\/hu\/wp-json\/wp\/v2\/gear-ad-ons"}],"about":[{"href":"https:\/\/herocamper.ro\/hu\/wp-json\/wp\/v2\/types\/gear-ad-ons"}],"version-history":[{"count":4,"href":"https:\/\/herocamper.ro\/hu\/wp-json\/wp\/v2\/gear-ad-ons\/790\/revisions"}],"predecessor-version":[{"id":1050,"href":"https:\/\/herocamper.ro\/hu\/wp-json\/wp\/v2\/gear-ad-ons\/790\/revisions\/1050"}],"wp:featuredmedia":[{"embeddable":true,"href":"https:\/\/herocamper.ro\/hu\/wp-json\/wp\/v2\/media\/863"}],"wp:attachment":[{"href":"https:\/\/herocamper.ro\/hu\/wp-json\/wp\/v2\/media?parent=790"}],"wp:term":[{"taxonomy":"category","embeddable":true,"href":"https:\/\/herocamper.ro\/hu\/wp-json\/wp\/v2\/categories?post=790"},{"taxonomy":"post_tag","embeddable":true,"href":"https:\/\/herocamper.ro\/hu\/wp-json\/wp\/v2\/tags?post=790"}],"curies":[{"name":"wp","href":"https:\/\/api.w.org\/{rel}","templated":true}]}}